{"id":16414,"date":"2026-02-20T15:38:33","date_gmt":"2026-02-20T14:38:33","guid":{"rendered":"https:\/\/wellenklaenge.at\/?page_id=16414"},"modified":"2026-04-22T14:27:18","modified_gmt":"2026-04-22T12:27:18","slug":"programm-2026","status":"publish","type":"page","link":"https:\/\/wellenklaenge.at\/en\/programm-2026\/","title":{"rendered":"Programm-2026"},"content":{"rendered":"<div data-elementor-type=\"wp-page\" data-elementor-id=\"16414\" class=\"elementor elementor-16414\">\n\t\t\t\t\t\t\t\t\t<section class=\"elementor-section elementor-top-section elementor-element elementor-element-9f9d967 elementor-section-full_width elementor-section-height-default elementor-section-height-default parallax_section_no qode_elementor_container_no qode-content-aligment-left\" data-id=\"9f9d967\" data-element_type=\"section\" data-settings=\"{&quot;background_background&quot;:&quot;classic&quot;}\">\n\t\t\t\t\t\t<div class=\"elementor-container elementor-column-gap-default\">\n\t\t\t\t\t<div class=\"elementor-column elementor-col-100 elementor-top-column elementor-element elementor-element-fa0b38f\" data-id=\"fa0b38f\" data-element_type=\"column\">\n\t\t\t<div class=\"elementor-widget-wrap elementor-element-populated\">\n\t\t\t\t\t\t\t\t<div class=\"elementor-element elementor-element-1296259 elementor-widget elementor-widget-heading\" data-id=\"1296259\" data-element_type=\"widget\" data-widget_type=\"heading.default\">\n\t\t\t\t<div class=\"elementor-widget-container\">\n\t\t\t<style>\/*! elementor - v3.10.2 - 29-01-2023 *\/\n.elementor-heading-title{padding:0;margin:0;line-height:1}.elementor-widget-heading .elementor-heading-title[class*=elementor-size-]>a{color:inherit;font-size:inherit;line-height:inherit}.elementor-widget-heading .elementor-heading-title.elementor-size-small{font-size:15px}.elementor-widget-heading .elementor-heading-title.elementor-size-medium{font-size:19px}.elementor-widget-heading .elementor-heading-title.elementor-size-large{font-size:29px}.elementor-widget-heading .elementor-heading-title.elementor-size-xl{font-size:39px}.elementor-widget-heading .elementor-heading-title.elementor-size-xxl{font-size:59px}<\/style><h2 class=\"elementor-heading-title elementor-size-default\">Empathy &amp; Resistance<\/h2>\t\t<\/div>\n\t\t\t\t<\/div>\n\t\t\t\t<div class=\"elementor-element elementor-element-a0460a6 elementor-widget elementor-widget-heading\" data-id=\"a0460a6\" data-element_type=\"widget\" data-widget_type=\"heading.default\">\n\t\t\t\t<div class=\"elementor-widget-container\">\n\t\t\t<h2 class=\"elementor-heading-title elementor-size-default\">10.07.\u201425.07.2026<\/h2>\t\t<\/div>\n\t\t\t\t<\/div>\n\t\t\t\t\t<\/div>\n\t\t<\/div>\n\t\t\t\t\t\t\t<\/div>\n\t\t<\/section>\n\t\t\t\t<section style=\"background-image: url(https:\/\/wellenklaenge.at\/wp-content\/uploads\/2026\/03\/wellenklaenge26-2.jpg);\" class=\"parallax_section_holder elementor-section elementor-top-section elementor-element elementor-element-3a1b111 elementor-section-full_width parallax_section_holder elementor-section-stretched elementor-section-height-default elementor-section-height-default qode_elementor_container_no qode-content-aligment-left\" data-speed=\"1\" data-id=\"3a1b111\" data-element_type=\"section\" data-settings=\"{&quot;qode_parallax_image&quot;:{&quot;url&quot;:&quot;https:\\\/\\\/wellenklaenge.at\\\/wp-content\\\/uploads\\\/2026\\\/03\\\/wellenklaenge26-2.jpg&quot;,&quot;id&quot;:16847,&quot;alt&quot;:&quot;&quot;,&quot;source&quot;:&quot;library&quot;},&quot;stretch_section&quot;:&quot;section-stretched&quot;}\">\n\t\t\t\t\t\t<div class=\"elementor-container elementor-column-gap-default\">\n\t\t\t\t\t<div class=\"elementor-column elementor-col-100 elementor-top-column elementor-element elementor-element-d7b8bbe\" data-id=\"d7b8bbe\" data-element_type=\"column\">\n\t\t\t<div class=\"elementor-widget-wrap elementor-element-populated\">\n\t\t\t\t\t\t\t\t<div class=\"elementor-element elementor-element-32c5180 elementor-widget elementor-widget-spacer\" data-id=\"32c5180\" data-element_type=\"widget\" data-widget_type=\"spacer.default\">\n\t\t\t\t<div class=\"elementor-widget-container\">\n\t\t\t<style>\/*! elementor - v3.10.2 - 29-01-2023 *\/\n.elementor-column .elementor-spacer-inner{height:var(--spacer-size)}.e-con{--container-widget-width:100%}.e-con-inner>.elementor-widget-spacer,.e-con>.elementor-widget-spacer{width:var(--container-widget-width,var(--spacer-size));--align-self:var(--container-widget-align-self,initial);--flex-shrink:0}.e-con-inner>.elementor-widget-spacer>.elementor-widget-container,.e-con-inner>.elementor-widget-spacer>.elementor-widget-container>.elementor-spacer,.e-con>.elementor-widget-spacer>.elementor-widget-container,.e-con>.elementor-widget-spacer>.elementor-widget-container>.elementor-spacer{height:100%}.e-con-inner>.elementor-widget-spacer>.elementor-widget-container>.elementor-spacer>.elementor-spacer-inner,.e-con>.elementor-widget-spacer>.elementor-widget-container>.elementor-spacer>.elementor-spacer-inner{height:var(--container-widget-height,var(--spacer-size))}<\/style>\t\t<div class=\"elementor-spacer\">\n\t\t\t<div class=\"elementor-spacer-inner\"><\/div>\n\t\t<\/div>\n\t\t\t\t<\/div>\n\t\t\t\t<\/div>\n\t\t\t\t\t<\/div>\n\t\t<\/div>\n\t\t\t\t\t\t\t<\/div>\n\t\t<\/section>\n\t\t\t\t<section class=\"elementor-section elementor-top-section elementor-element elementor-element-1a42fefc elementor-section-full_width elementor-section-height-default elementor-section-height-default parallax_section_no qode_elementor_container_no qode-content-aligment-left\" data-id=\"1a42fefc\" data-element_type=\"section\">\n\t\t\t\t\t\t<div class=\"elementor-container elementor-column-gap-default\">\n\t\t\t\t\t<div class=\"elementor-column elementor-col-100 elementor-top-column elementor-element elementor-element-b58124e\" data-id=\"b58124e\" data-element_type=\"column\">\n\t\t\t<div class=\"elementor-widget-wrap elementor-element-populated\">\n\t\t\t\t\t\t\t\t<div class=\"elementor-element elementor-element-13962d3 elementor-widget-divider--view-line elementor-widget elementor-widget-divider\" data-id=\"13962d3\" data-element_type=\"widget\" data-widget_type=\"divider.default\">\n\t\t\t\t<div class=\"elementor-widget-container\">\n\t\t\t<style>\/*! elementor - v3.10.2 - 29-01-2023 *\/\n.elementor-widget-divider{--divider-border-style:none;--divider-border-width:1px;--divider-color:#2c2c2c;--divider-icon-size:20px;--divider-element-spacing:10px;--divider-pattern-height:24px;--divider-pattern-size:20px;--divider-pattern-url:none;--divider-pattern-repeat:repeat-x}.elementor-widget-divider .elementor-divider{display:flex}.elementor-widget-divider .elementor-divider__text{font-size:15px;line-height:1;max-width:95%}.elementor-widget-divider .elementor-divider__element{margin:0 var(--divider-element-spacing);flex-shrink:0}.elementor-widget-divider .elementor-icon{font-size:var(--divider-icon-size)}.elementor-widget-divider .elementor-divider-separator{display:flex;margin:0;direction:ltr}.elementor-widget-divider--view-line_icon .elementor-divider-separator,.elementor-widget-divider--view-line_text .elementor-divider-separator{align-items:center}.elementor-widget-divider--view-line_icon .elementor-divider-separator:after,.elementor-widget-divider--view-line_icon .elementor-divider-separator:before,.elementor-widget-divider--view-line_text .elementor-divider-separator:after,.elementor-widget-divider--view-line_text .elementor-divider-separator:before{display:block;content:\"\";border-bottom:0;flex-grow:1;border-top:var(--divider-border-width) var(--divider-border-style) var(--divider-color)}.elementor-widget-divider--element-align-left .elementor-divider .elementor-divider-separator>.elementor-divider__svg:first-of-type{flex-grow:0;flex-shrink:100}.elementor-widget-divider--element-align-left .elementor-divider-separator:before{content:none}.elementor-widget-divider--element-align-left .elementor-divider__element{margin-left:0}.elementor-widget-divider--element-align-right .elementor-divider .elementor-divider-separator>.elementor-divider__svg:last-of-type{flex-grow:0;flex-shrink:100}.elementor-widget-divider--element-align-right .elementor-divider-separator:after{content:none}.elementor-widget-divider--element-align-right .elementor-divider__element{margin-right:0}.elementor-widget-divider:not(.elementor-widget-divider--view-line_text):not(.elementor-widget-divider--view-line_icon) .elementor-divider-separator{border-top:var(--divider-border-width) var(--divider-border-style) var(--divider-color)}.elementor-widget-divider--separator-type-pattern{--divider-border-style:none}.elementor-widget-divider--separator-type-pattern.elementor-widget-divider--view-line .elementor-divider-separator,.elementor-widget-divider--separator-type-pattern:not(.elementor-widget-divider--view-line) .elementor-divider-separator:after,.elementor-widget-divider--separator-type-pattern:not(.elementor-widget-divider--view-line) .elementor-divider-separator:before,.elementor-widget-divider--separator-type-pattern:not([class*=elementor-widget-divider--view]) .elementor-divider-separator{width:100%;min-height:var(--divider-pattern-height);-webkit-mask-size:var(--divider-pattern-size) 100%;mask-size:var(--divider-pattern-size) 100%;-webkit-mask-repeat:var(--divider-pattern-repeat);mask-repeat:var(--divider-pattern-repeat);background-color:var(--divider-color);-webkit-mask-image:var(--divider-pattern-url);mask-image:var(--divider-pattern-url)}.elementor-widget-divider--no-spacing{--divider-pattern-size:auto}.elementor-widget-divider--bg-round{--divider-pattern-repeat:round}.rtl .elementor-widget-divider .elementor-divider__text{direction:rtl}.e-con-inner>.elementor-widget-divider,.e-con>.elementor-widget-divider{width:var(--container-widget-width);--flex-grow:var(--container-widget-flex-grow)}<\/style>\t\t<div class=\"elementor-divider\">\n\t\t\t<span class=\"elementor-divider-separator\">\n\t\t\t\t\t\t<\/span>\n\t\t<\/div>\n\t\t\t\t<\/div>\n\t\t\t\t<\/div>\n\t\t\t\t<div class=\"elementor-element elementor-element-cc704e7 elementor-widget elementor-widget-heading\" data-id=\"cc704e7\" data-element_type=\"widget\" data-widget_type=\"heading.default\">\n\t\t\t\t<div class=\"elementor-widget-container\">\n\t\t\t<h2 class=\"elementor-heading-title elementor-size-default\">Programm 2026<\/h2>\t\t<\/div>\n\t\t\t\t<\/div>\n\t\t\t\t\t<\/div>\n\t\t<\/div>\n\t\t\t\t\t\t\t<\/div>\n\t\t<\/section>\n\t\t\t\t<section class=\"elementor-section elementor-top-section elementor-element elementor-element-799e5ca9 elementor-section-full_width elementor-section-stretched elementor-section-height-default elementor-section-height-default parallax_section_no qode_elementor_container_no qode-content-aligment-left\" data-id=\"799e5ca9\" data-element_type=\"section\" data-settings=\"{&quot;background_background&quot;:&quot;classic&quot;,&quot;stretch_section&quot;:&quot;section-stretched&quot;}\">\n\t\t\t\t\t\t<div class=\"elementor-container elementor-column-gap-default\">\n\t\t\t\t\t<div class=\"elementor-column elementor-col-100 elementor-top-column elementor-element elementor-element-70f664b8\" data-id=\"70f664b8\" data-element_type=\"column\" data-settings=\"{&quot;background_background&quot;:&quot;classic&quot;}\">\n\t\t\t<div class=\"elementor-widget-wrap elementor-element-populated\">\n\t\t\t\t\t\t\t\t<div class=\"elementor-element elementor-element-6435b3a elementor-widget elementor-widget-image\" data-id=\"6435b3a\" data-element_type=\"widget\" data-widget_type=\"image.default\">\n\t\t\t\t<div class=\"elementor-widget-container\">\n\t\t\t<style>\/*! elementor - v3.10.2 - 29-01-2023 *\/\n.elementor-widget-image{text-align:center}.elementor-widget-image a{display:inline-block}.elementor-widget-image a img[src$=\".svg\"]{width:48px}.elementor-widget-image img{vertical-align:middle;display:inline-block}<\/style>\t\t\t\t\t\t\t\t\t\t\t\t<img decoding=\"async\" width=\"846\" height=\"1024\" src=\"https:\/\/wellenklaenge.at\/wp-content\/uploads\/2022\/02\/Wkl-wellen-weiss.svg\" class=\"attachment-large size-large wp-image-381\" alt=\"\" \/>\t\t\t\t\t\t\t\t\t\t\t\t\t\t\t<\/div>\n\t\t\t\t<\/div>\n\t\t\t\t\t<\/div>\n\t\t<\/div>\n\t\t\t\t\t\t\t<\/div>\n\t\t<\/section>\n\t\t\t\t<section class=\"elementor-section elementor-top-section elementor-element elementor-element-483bd88 qode_elementor_container_inner elementor-section-boxed elementor-section-height-default elementor-section-height-default parallax_section_no qode-content-aligment-left\" data-id=\"483bd88\" data-element_type=\"section\">\n\t\t\t\t\t\t<div class=\"elementor-container elementor-column-gap-default\">\n\t\t\t\t\t<div class=\"elementor-column elementor-col-33 elementor-top-column elementor-element elementor-element-74ee342\" data-id=\"74ee342\" data-element_type=\"column\">\n\t\t\t<div class=\"elementor-widget-wrap elementor-element-populated\">\n\t\t\t\t\t\t\t\t<div class=\"elementor-element elementor-element-dc5959c elementor-widget elementor-widget-heading\" data-id=\"dc5959c\" data-element_type=\"widget\" data-widget_type=\"heading.default\">\n\t\t\t\t<div class=\"elementor-widget-container\">\n\t\t\t<p class=\"elementor-heading-title elementor-size-default\">Weekend 01<\/p>\t\t<\/div>\n\t\t\t\t<\/div>\n\t\t\t\t<div class=\"elementor-element elementor-element-f32518b elementor-widget elementor-widget-text-editor\" data-id=\"f32518b\" data-element_type=\"widget\" data-widget_type=\"text-editor.default\">\n\t\t\t\t<div class=\"elementor-widget-container\">\n\t\t\t<style>\/*! elementor - v3.10.2 - 29-01-2023 *\/\n.elementor-widget-text-editor.elementor-drop-cap-view-stacked .elementor-drop-cap{background-color:#818a91;color:#fff}.elementor-widget-text-editor.elementor-drop-cap-view-framed .elementor-drop-cap{color:#818a91;border:3px solid;background-color:transparent}.elementor-widget-text-editor:not(.elementor-drop-cap-view-default) .elementor-drop-cap{margin-top:8px}.elementor-widget-text-editor:not(.elementor-drop-cap-view-default) .elementor-drop-cap-letter{width:1em;height:1em}.elementor-widget-text-editor .elementor-drop-cap{float:left;text-align:center;line-height:1;font-size:50px}.elementor-widget-text-editor .elementor-drop-cap-letter{display:inline-block}<\/style>\t\t\t\t<p><span style=\"font-family: garaline-italic;\">Fri, 10.07.2026<\/span><\/p>\t\t\t\t\t\t<\/div>\n\t\t\t\t<\/div>\n\t\t\t\t<div class=\"elementor-element elementor-element-504d02f elementor-widget elementor-widget-text-editor\" data-id=\"504d02f\" data-element_type=\"widget\" data-widget_type=\"text-editor.default\">\n\t\t\t\t<div class=\"elementor-widget-container\">\n\t\t\t\t\t\t\t<p><span style=\"font-family: radikal-light;\"><strong>Opening Concert<\/strong> \/\/ 7.00 pm<\/span><br \/><span style=\"font-family: radikal-light;\">Empathy &amp; Resistance<\/span><\/p>\t\t\t\t\t\t<\/div>\n\t\t\t\t<\/div>\n\t\t\t\t<div class=\"elementor-element elementor-element-cff464d elementor-widget elementor-widget-text-editor\" data-id=\"cff464d\" data-element_type=\"widget\" data-widget_type=\"text-editor.default\">\n\t\t\t\t<div class=\"elementor-widget-container\">\n\t\t\t\t\t\t\t<p><a href=\"https:\/\/wellenklaenge.at\/kuenstlerinnen-2026\/die-strottern\/\"><span style=\"font-family: radikal-light;\">Die Strottern &#038; JazzWerkstatt Wien &amp; <\/span><\/a><a href=\"https:\/\/wellenklaenge.at\/kuenstlerinnen-2026\/teresa-praeauer\/\"><span style=\"font-family: radikal-light;\">Teresa Pr\u00e4auer<\/span><\/a><\/p>\t\t\t\t\t\t<\/div>\n\t\t\t\t<\/div>\n\t\t\t\t<div class=\"elementor-element elementor-element-d727c93 elementor-widget elementor-widget-text-editor\" data-id=\"d727c93\" data-element_type=\"widget\" data-widget_type=\"text-editor.default\">\n\t\t\t\t<div class=\"elementor-widget-container\">\n\t\t\t\t\t\t\t<p><span style=\"font-family: radikal-light;\"><span style=\"font-size: 10pt;\">Restkarten an der Abendkasse<\/span><br \/><span style=\"font-size: 10pt;\">Seeb\u00fchne Lunz am See<\/span><br \/><\/span><\/p>\t\t\t\t\t\t<\/div>\n\t\t\t\t<\/div>\n\t\t\t\t<div class=\"elementor-element elementor-element-330478a elementor-widget elementor-widget-text-editor\" data-id=\"330478a\" data-element_type=\"widget\" data-widget_type=\"text-editor.default\">\n\t\t\t\t<div class=\"elementor-widget-container\">\n\t\t\t\t\t\t\t<span style=\"font-family: garaline-italic;\">Sat, 11.07.2026<\/span>\t\t\t\t\t\t<\/div>\n\t\t\t\t<\/div>\n\t\t\t\t<div class=\"elementor-element elementor-element-0201a73 elementor-widget elementor-widget-text-editor\" data-id=\"0201a73\" data-element_type=\"widget\" data-widget_type=\"text-editor.default\">\n\t\t\t\t<div class=\"elementor-widget-container\">\n\t\t\t\t\t\t\t<p><span style=\"font-family: radikal-light;\"><strong>Evening Concert<\/strong> \/\/ 7.30 pm<\/span><br \/><span style=\"font-family: radikal-light;\">We were there<\/span><\/p>\t\t\t\t\t\t<\/div>\n\t\t\t\t<\/div>\n\t\t\t\t<div class=\"elementor-element elementor-element-203bc82 elementor-widget elementor-widget-text-editor\" data-id=\"203bc82\" data-element_type=\"widget\" data-widget_type=\"text-editor.default\">\n\t\t\t\t<div class=\"elementor-widget-container\">\n\t\t\t\t\t\t\t<p><span style=\"font-family: radikal-light;\"><a href=\"https:\/\/wellenklaenge.at\/kuenstlerinnen-2026\/reijseger-fraanje-sylla\/\">Reijseger Fraanje Sylla<\/a><br \/><\/span><span style=\"font-family: radikal-light;\"><a href=\"https:\/\/www.oeticket.com\/noapp\/event\/wellenklaenge-2026-abendkonzert-cpm-reijseger-fraanje-sylla-we-were-there-seebuehne-21295881\/\" class=\"wk26-ticket-btn\" target=\"_blank\" rel=\"noopener\">Buy tickets<\/a><br \/><span style=\"font-size: 10pt;\">Seeb\u00fchne Lunz am See<\/span><br \/><\/span><\/p>\t\t\t\t\t\t<\/div>\n\t\t\t\t<\/div>\n\t\t\t\t<div class=\"elementor-element elementor-element-c5f61b2 elementor-widget elementor-widget-text-editor\" data-id=\"c5f61b2\" data-element_type=\"widget\" data-widget_type=\"text-editor.default\">\n\t\t\t\t<div class=\"elementor-widget-container\">\n\t\t\t\t\t\t\t<span style=\"font-family: garaline-italic;\">Sun, 12.07.2026<\/span>\t\t\t\t\t\t<\/div>\n\t\t\t\t<\/div>\n\t\t\t\t<div class=\"elementor-element elementor-element-328ae7f elementor-widget elementor-widget-text-editor\" data-id=\"328ae7f\" data-element_type=\"widget\" data-widget_type=\"text-editor.default\">\n\t\t\t\t<div class=\"elementor-widget-container\">\n\t\t\t\t\t\t\t<p><span style=\"font-family: radikal-light;\"><strong>Matinee<\/strong> \/\/ 11.30 am<\/span><br \/><span style=\"font-family: radikal-light;\">Br\u00fccken zu Gast<\/span><br \/><span style=\"font-family: radikal-light;\"><a href=\"https:\/\/wellenklaenge.at\/kuenstlerinnen-2026\/asja-valcic\/\">Asja Valcic<\/a>, <a href=\"https:\/\/wellenklaenge.at\/kuenstlerinnen-2026\/judith-fliedl\/\">Judith Fliedl<\/a> &amp;<br \/><a href=\"https:\/\/wellenklaenge.at\/kuenstlerinnen-2026\/elena-arbonies-jauregui\/\">Elena Arbonies Jauregui<\/a><br \/><\/span><span style=\"font-family: radikal-light;\"><a href=\"https:\/\/www.oeticket.com\/noapp\/event\/wellenklaenge-2026-matinee-bruecken-zu-gast-asja-valcic-judith-fliedl-elena-arbonies-jauregui-refugium-21295900\/\" class=\"wk26-ticket-btn\" target=\"_blank\" rel=\"noopener\">Buy tickets<\/a><br \/><span style=\"font-size: 10pt;\">Refugium Lunz \/\/ Pfarrkirche Lunz<\/span><br \/><\/span><\/p>\t\t\t\t\t\t<\/div>\n\t\t\t\t<\/div>\n\t\t\t\t<div class=\"elementor-element elementor-element-81e2e56 elementor-widget elementor-widget-image\" data-id=\"81e2e56\" data-element_type=\"widget\" data-widget_type=\"image.default\">\n\t\t\t\t<div class=\"elementor-widget-container\">\n\t\t\t\t\t\t\t\t\t\t\t\t\t\t\t\t<a href=\"http:\/\/www.oeticket.com\/noapp\/event\/wellenklaenge-2026-3-tagespass-10-12-juli-2026-seebuehne-21299178\/\" target=\"_blank\">\n\t\t\t\t\t\t\t<img decoding=\"async\" width=\"222\" height=\"222\" src=\"https:\/\/wellenklaenge.at\/wp-content\/uploads\/2026\/03\/Woche1.jpg\" class=\"attachment-large size-large wp-image-16854\" alt=\"\" srcset=\"https:\/\/wellenklaenge.at\/wp-content\/uploads\/2026\/03\/Woche1.jpg 222w, https:\/\/wellenklaenge.at\/wp-content\/uploads\/2026\/03\/Woche1-150x150.jpg 150w, https:\/\/wellenklaenge.at\/wp-content\/uploads\/2026\/03\/Woche1-12x12.jpg 12w, https:\/\/wellenklaenge.at\/wp-content\/uploads\/2026\/03\/Woche1-100x100.jpg 100w\" sizes=\"(max-width: 222px) 100vw, 222px\" \/>\t\t\t\t\t\t\t\t<\/a>\n\t\t\t\t\t\t\t\t\t\t\t\t\t\t\t<\/div>\n\t\t\t\t<\/div>\n\t\t\t\t<div class=\"elementor-element elementor-element-ef71fce elementor-widget elementor-widget-text-editor\" data-id=\"ef71fce\" data-element_type=\"widget\" data-widget_type=\"text-editor.default\">\n\t\t\t\t<div class=\"elementor-widget-container\">\n\t\t\t\t\t\t\t<span style=\"font-family: garaline-italic;\">Tue, 14.07.2026<\/span>\t\t\t\t\t\t<\/div>\n\t\t\t\t<\/div>\n\t\t\t\t<div class=\"elementor-element elementor-element-899ea9c elementor-widget elementor-widget-text-editor\" data-id=\"899ea9c\" data-element_type=\"widget\" data-widget_type=\"text-editor.default\">\n\t\t\t\t<div class=\"elementor-widget-container\">\n\t\t\t\t\t\t\t<p><span style=\"font-family: radikal-light;\"><strong>Fairy Tale Hike<\/strong> \/\/ 4.30 pm<\/span><br \/><span style=\"font-family: radikal-light;\">Von Erdenrund &amp; Baklava<\/span><br \/><a href=\"https:\/\/wellenklaenge.at\/kuenstlerinnen-2026\/wittmann-dalkilic\/\"><span style=\"font-family: radikal-light;\">Helmut Wittmann &#038; Mehmet Dalkilic<\/span><\/a><br \/><span style=\"font-family: radikal-light;\"><a href=\"https:\/\/wellenklaenge.at\/produkt\/maerchenwanderung\/\" class=\"wk26-ticket-btn\" target=\"_blank\" rel=\"noopener\">Buy tickets<\/a><br \/><span style=\"font-size: 10pt;\">Parkplatz beim Almgasthaus Rehberg<\/span><br \/><\/span><\/p>\t\t\t\t\t\t<\/div>\n\t\t\t\t<\/div>\n\t\t\t\t\t<\/div>\n\t\t<\/div>\n\t\t\t\t<div class=\"elementor-column elementor-col-33 elementor-top-column elementor-element elementor-element-d925461\" data-id=\"d925461\" data-element_type=\"column\">\n\t\t\t<div class=\"elementor-widget-wrap elementor-element-populated\">\n\t\t\t\t\t\t\t\t<div class=\"elementor-element elementor-element-31353a2 elementor-widget elementor-widget-heading\" data-id=\"31353a2\" data-element_type=\"widget\" data-widget_type=\"heading.default\">\n\t\t\t\t<div class=\"elementor-widget-container\">\n\t\t\t<p class=\"elementor-heading-title elementor-size-default\">Weekend 02<\/p>\t\t<\/div>\n\t\t\t\t<\/div>\n\t\t\t\t<div class=\"elementor-element elementor-element-807870d elementor-widget elementor-widget-text-editor\" data-id=\"807870d\" data-element_type=\"widget\" data-widget_type=\"text-editor.default\">\n\t\t\t\t<div class=\"elementor-widget-container\">\n\t\t\t\t\t\t\t<span style=\"font-family: garaline-italic;\">Thu, 16.07.2026<\/span>\t\t\t\t\t\t<\/div>\n\t\t\t\t<\/div>\n\t\t\t\t<div class=\"elementor-element elementor-element-2cc8953 elementor-widget elementor-widget-text-editor\" data-id=\"2cc8953\" data-element_type=\"widget\" data-widget_type=\"text-editor.default\">\n\t\t\t\t<div class=\"elementor-widget-container\">\n\t\t\t\t\t\t\t<p><span style=\"font-family: radikal-light;\"><strong>Art of Duo<\/strong> \/\/ 7.30 pm<br \/>So much Potential!<br \/><a href=\"https:\/\/wellenklaenge.at\/kuenstlerinnen-2026\/geisselbrecht-poprzan\/\">Flora Gei\u00dfelbrecht und Jelena Popr\u017ean<\/a><br \/><a href=\"https:\/\/www.oeticket.com\/noapp\/event\/wellenklaenge-2026-art-of-duo-flora-geisselbrecht-jelena-poprzan-so-viel-potential-seebuehne-21296045\/\" class=\"wk26-ticket-btn\" target=\"_blank\" rel=\"noopener\">Buy tickets<\/a><br \/><span style=\"font-size: 10pt;\">Seeb\u00fchne Lunz am See<\/span><br \/><\/span><\/p>\t\t\t\t\t\t<\/div>\n\t\t\t\t<\/div>\n\t\t\t\t<div class=\"elementor-element elementor-element-5da5a98 elementor-widget elementor-widget-text-editor\" data-id=\"5da5a98\" data-element_type=\"widget\" data-widget_type=\"text-editor.default\">\n\t\t\t\t<div class=\"elementor-widget-container\">\n\t\t\t\t\t\t\t<span style=\"font-family: garaline-italic;\">Fri, 17.07.2026<\/span>\t\t\t\t\t\t<\/div>\n\t\t\t\t<\/div>\n\t\t\t\t<div class=\"elementor-element elementor-element-8ebe895 elementor-widget elementor-widget-text-editor\" data-id=\"8ebe895\" data-element_type=\"widget\" data-widget_type=\"text-editor.default\">\n\t\t\t\t<div class=\"elementor-widget-container\">\n\t\t\t\t\t\t\t<p><span style=\"font-family: radikal-light;\"><strong>Annual festival Ball<\/strong> \/\/ 7.00 pm<\/span><br \/><span style=\"font-family: radikal-light;\">Im Geist der Berge<\/span><br \/><a href=\"https:\/\/wellenklaenge.at\/kuenstlerinnen-2026\/sklad-niearchaiczny\/\"><span style=\"font-family: radikal-light;\">Sklad Niearchaiczny &#038; Schallwellen-Orchester<\/span><\/a><br \/><span style=\"font-family: radikal-light;\"><a href=\"https:\/\/www.oeticket.com\/noapp\/event\/wellenklaenge-2026-hausball-sklad-niearchaiczny-schallwellen-orchester-glassalon-rothschild-21296095\/\" class=\"wk26-ticket-btn\" target=\"_blank\" rel=\"noopener\">Buy tickets<\/a><br \/><span style=\"font-size: 10pt;\">Glassalon Rothschild<\/span><br \/><\/span><\/p>\t\t\t\t\t\t<\/div>\n\t\t\t\t<\/div>\n\t\t\t\t<div class=\"elementor-element elementor-element-d7d1296 elementor-widget elementor-widget-text-editor\" data-id=\"d7d1296\" data-element_type=\"widget\" data-widget_type=\"text-editor.default\">\n\t\t\t\t<div class=\"elementor-widget-container\">\n\t\t\t\t\t\t\t<span style=\"font-family: garaline-italic;\">Sat, 18.07.2026<\/span>\t\t\t\t\t\t<\/div>\n\t\t\t\t<\/div>\n\t\t\t\t<div class=\"elementor-element elementor-element-3626013 elementor-widget elementor-widget-text-editor\" data-id=\"3626013\" data-element_type=\"widget\" data-widget_type=\"text-editor.default\">\n\t\t\t\t<div class=\"elementor-widget-container\">\n\t\t\t\t\t\t\t<p><span style=\"font-family: radikal-light;\"><strong>Panel Discussion <\/strong>\/\/ 7.00 pm<\/span><br \/><span style=\"font-family: radikal-light;\">Empathy &amp; Resistance<\/span><br \/><span style=\"font-family: radikal-light;\"><a href=\"https:\/\/wellenklaenge.at\/kuenstlerinnen-2026\/sara-hassan\/\">Sara Hassan, <\/a><a href=\"https:\/\/wellenklaenge.at\/kuenstlerinnen-2026\/noura-maan\/\">Noura Maan<\/a><\/span><\/p>\t\t\t\t\t\t<\/div>\n\t\t\t\t<\/div>\n\t\t\t\t<div class=\"elementor-element elementor-element-2fad1a0 elementor-widget elementor-widget-text-editor\" data-id=\"2fad1a0\" data-element_type=\"widget\" data-widget_type=\"text-editor.default\">\n\t\t\t\t<div class=\"elementor-widget-container\">\n\t\t\t\t\t\t\t<p><span style=\"font-family: radikal-light;\"><strong>Evening Concert<\/strong> \/\/ 8.30 pm<\/span><br \/><span style=\"font-family: radikal-light;\">Faces of Night<\/span><br \/><a href=\"https:\/\/wellenklaenge.at\/kuenstlerinnen-2026\/david-helbock\/\"><span style=\"font-family: radikal-light;\">David Helbock &#038; Julia Hofer feat. Mahan Mirarab<\/span><\/a><br \/><span style=\"font-family: radikal-light;\"><a href=\"https:\/\/www.oeticket.com\/noapp\/event\/wellenklaenge-2026-abendkonzert-podiumsgespraech-david-helbock-julia-hofer-mahan-mirarab-seebuehne-21297343\/\" class=\"wk26-ticket-btn\" target=\"_blank\" rel=\"noopener\">Buy tickets<\/a><\/span><br \/><span style=\"font-family: radikal-light; font-size: 10pt;\">Seeb\u00fchne Lunz am See<\/span><\/p>\t\t\t\t\t\t<\/div>\n\t\t\t\t<\/div>\n\t\t\t\t<div class=\"elementor-element elementor-element-4a32771 elementor-widget elementor-widget-image\" data-id=\"4a32771\" data-element_type=\"widget\" data-widget_type=\"image.default\">\n\t\t\t\t<div class=\"elementor-widget-container\">\n\t\t\t\t\t\t\t\t\t\t\t\t\t\t\t\t<a href=\"http:\/\/www.oeticket.com\/noapp\/event\/wellenklaenge-2026-3-tagespass-16-18-juli-2026-seebuehne-21299211\/\" target=\"_blank\">\n\t\t\t\t\t\t\t<img decoding=\"async\" width=\"222\" height=\"222\" src=\"https:\/\/wellenklaenge.at\/wp-content\/uploads\/2026\/03\/Woche2.jpg\" class=\"attachment-large size-large wp-image-16855\" alt=\"\" srcset=\"https:\/\/wellenklaenge.at\/wp-content\/uploads\/2026\/03\/Woche2.jpg 222w, https:\/\/wellenklaenge.at\/wp-content\/uploads\/2026\/03\/Woche2-150x150.jpg 150w, https:\/\/wellenklaenge.at\/wp-content\/uploads\/2026\/03\/Woche2-12x12.jpg 12w, https:\/\/wellenklaenge.at\/wp-content\/uploads\/2026\/03\/Woche2-100x100.jpg 100w\" sizes=\"(max-width: 222px) 100vw, 222px\" \/>\t\t\t\t\t\t\t\t<\/a>\n\t\t\t\t\t\t\t\t\t\t\t\t\t\t\t<\/div>\n\t\t\t\t<\/div>\n\t\t\t\t<div class=\"elementor-element elementor-element-06fa9c3 elementor-widget elementor-widget-text-editor\" data-id=\"06fa9c3\" data-element_type=\"widget\" data-widget_type=\"text-editor.default\">\n\t\t\t\t<div class=\"elementor-widget-container\">\n\t\t\t\t\t\t\t<span style=\"font-family: garaline-italic;\">Sun, 19.07.2026<\/span>\t\t\t\t\t\t<\/div>\n\t\t\t\t<\/div>\n\t\t\t\t<div class=\"elementor-element elementor-element-f5aad56 elementor-widget elementor-widget-text-editor\" data-id=\"f5aad56\" data-element_type=\"widget\" data-widget_type=\"text-editor.default\">\n\t\t\t\t<div class=\"elementor-widget-container\">\n\t\t\t\t\t\t\t<p><span style=\"font-family: radikal-light;\"><strong>St. Jacob\u2019s Choir<\/strong> \/\/ 7.00 pm<\/span><br \/><span style=\"font-family: radikal-light;\">Falten und Wirbel<br \/><a href=\"https:\/\/wellenklaenge.at\/kuenstlerinnen-2026\/folta-die-goas\/\">folta<\/a>, <a href=\"https:\/\/wellenklaenge.at\/kuenstlerinnen-2026\/die-goas\">Die Goas<\/a><\/span><br \/><span style=\"font-family: radikal-light;\"><a href=\"https:\/\/www.oeticket.com\/noapp\/event\/wellenklaenge-2026-jakobisingen-folta-die-goas-falten-wirbel-seebuehne-21298052\/\" class=\"wk26-ticket-btn\" target=\"_blank\" rel=\"noopener\">Buy tickets<\/a><br \/><span style=\"font-size: 10pt;\">Seeb\u00fchne Lunz am See<\/span><br \/><\/span><\/p>\t\t\t\t\t\t<\/div>\n\t\t\t\t<\/div>\n\t\t\t\t<div class=\"elementor-element elementor-element-0cb54db elementor-widget elementor-widget-text-editor\" data-id=\"0cb54db\" data-element_type=\"widget\" data-widget_type=\"text-editor.default\">\n\t\t\t\t<div class=\"elementor-widget-container\">\n\t\t\t\t\t\t\t<p><span style=\"font-family: garaline-italic;\">Tue, 21.07.2026<\/span><\/p>\t\t\t\t\t\t<\/div>\n\t\t\t\t<\/div>\n\t\t\t\t<div class=\"elementor-element elementor-element-2c19b16 elementor-widget elementor-widget-text-editor\" data-id=\"2c19b16\" data-element_type=\"widget\" data-widget_type=\"text-editor.default\">\n\t\t\t\t<div class=\"elementor-widget-container\">\n\t\t\t\t\t\t\t<p><span style=\"font-family: radikal-light;\"><strong>Evening event<\/strong> \/\/ 7.00 pm<\/span><span style=\"font-family: radikal-light;\"><br \/><a href=\"https:\/\/wellenklaenge.at\/kuenstlerinnen-2026\/klangbad\/\">Klang.Bad<\/a><\/span><br \/><span style=\"font-family: radikal-light;\">Freie Spende!<br \/><span style=\"font-size: 10pt;\">Pfarrkirche Lunz<\/span><\/span><\/p>\t\t\t\t\t\t<\/div>\n\t\t\t\t<\/div>\n\t\t\t\t<div class=\"elementor-element elementor-element-2ed8522 elementor-widget elementor-widget-text-editor\" data-id=\"2ed8522\" data-element_type=\"widget\" data-widget_type=\"text-editor.default\">\n\t\t\t\t<div class=\"elementor-widget-container\">\n\t\t\t\t\t\t\t<span style=\"font-family: garaline-italic;\">Wed, 22.07.2026<\/span>\t\t\t\t\t\t<\/div>\n\t\t\t\t<\/div>\n\t\t\t\t<div class=\"elementor-element elementor-element-d5b9c98 elementor-widget elementor-widget-text-editor\" data-id=\"d5b9c98\" data-element_type=\"widget\" data-widget_type=\"text-editor.default\">\n\t\t\t\t<div class=\"elementor-widget-container\">\n\t\t\t\t\t\t\t<p><span style=\"font-family: radikal-light;\"><strong>A walk around the Lake<\/strong> \/\/ 4.30 pm<\/span><br \/><span style=\"font-family: radikal-light;\">Klanggedanken: Zu Gast am See<\/span><br \/><a href=\"https:\/\/wellenklaenge.at\/kuenstlerinnen-2026\/obermayer-rom\/\"><span style=\"font-family: radikal-light;\">Anja Obermayer &#038; Mario Rom, Marlen Mairhofer<\/span><\/a><br \/><span style=\"font-family: radikal-light;\"><a href=\"https:\/\/wellenklaenge.at\/produkt\/see-rund-gang\/\" class=\"wk26-ticket-btn\" target=\"_blank\" rel=\"noopener\">Buy tickets<\/a><br \/><span style=\"font-size: 10pt;\">Treffpunkt: Wandererparkplatz Seehof<\/span><br \/><\/span><\/p>\t\t\t\t\t\t<\/div>\n\t\t\t\t<\/div>\n\t\t\t\t<div class=\"elementor-element elementor-element-de95d7e elementor-widget elementor-widget-text-editor\" data-id=\"de95d7e\" data-element_type=\"widget\" data-widget_type=\"text-editor.default\">\n\t\t\t\t<div class=\"elementor-widget-container\">\n\t\t\t\t\t\t\t<p><span style=\"font-family: radikal-light;\"><strong>Widerstandschor<\/strong> \/\/ 7.00 pm<\/span><br \/><span style=\"font-family: radikal-light;\">Songs of Resistance<\/span><br \/><a href=\"https:\/\/wellenklaenge.at\/kuenstlerinnen-2026\/widerstandschor\/\"><span style=\"font-family: radikal-light;\">Widerstandschor<\/span><\/a><br \/><span style=\"font-family: radikal-light;\">Freie Spende!<br \/><span style=\"font-size: 10pt;\">Seebad<\/span><br \/><\/span><\/p>\t\t\t\t\t\t<\/div>\n\t\t\t\t<\/div>\n\t\t\t\t\t<\/div>\n\t\t<\/div>\n\t\t\t\t<div class=\"elementor-column elementor-col-33 elementor-top-column elementor-element elementor-element-619af91\" data-id=\"619af91\" data-element_type=\"column\">\n\t\t\t<div class=\"elementor-widget-wrap elementor-element-populated\">\n\t\t\t\t\t\t\t\t<div class=\"elementor-element elementor-element-c263a48 elementor-widget elementor-widget-heading\" data-id=\"c263a48\" data-element_type=\"widget\" data-widget_type=\"heading.default\">\n\t\t\t\t<div class=\"elementor-widget-container\">\n\t\t\t<p class=\"elementor-heading-title elementor-size-default\">Weekend 03<\/p>\t\t<\/div>\n\t\t\t\t<\/div>\n\t\t\t\t<div class=\"elementor-element elementor-element-12d3996 elementor-widget elementor-widget-text-editor\" data-id=\"12d3996\" data-element_type=\"widget\" data-widget_type=\"text-editor.default\">\n\t\t\t\t<div class=\"elementor-widget-container\">\n\t\t\t\t\t\t\t<span style=\"font-family: garaline-italic;\">Thu, 23.07.2026<\/span>\t\t\t\t\t\t<\/div>\n\t\t\t\t<\/div>\n\t\t\t\t<div class=\"elementor-element elementor-element-9fea9e9 elementor-widget elementor-widget-text-editor\" data-id=\"9fea9e9\" data-element_type=\"widget\" data-widget_type=\"text-editor.default\">\n\t\t\t\t<div class=\"elementor-widget-container\">\n\t\t\t\t\t\t\t<p><span style=\"font-family: radikal-light;\"><strong>CPM-Lab-Abschlusskonzert <\/strong>\/\/ 7.00 pm<br \/>Sound art - Improvisation - Ensembles - Composition<strong><br \/><\/strong><\/span><\/p>\t\t\t\t\t\t<\/div>\n\t\t\t\t<\/div>\n\t\t\t\t<div class=\"elementor-element elementor-element-3c20dd6 elementor-widget elementor-widget-text-editor\" data-id=\"3c20dd6\" data-element_type=\"widget\" data-widget_type=\"text-editor.default\">\n\t\t\t\t<div class=\"elementor-widget-container\">\n\t\t\t\t\t\t\t<p><span style=\"font-family: radikal-light;\"><strong>Evening Concert<\/strong> \/\/ 8.30 pm<\/span><br \/><span style=\"font-family: radikal-light;\">sweetlife<\/span><br \/><a href=\"https:\/\/wellenklaenge.at\/kuenstlerinnen-2026\/yvonne-moriel\/\"><span style=\"font-family: radikal-light;\">Yvonne Moriel &#038; CPM-Lab Abschlusskonzert<\/span><\/a><br \/><span style=\"font-family: radikal-light;\"><a href=\"https:\/\/www.oeticket.com\/noapp\/event\/wellenklaenge-2026-abendkonzert-cpm-lab-abschlusskonzert-yvonne-moriel-seebuehne-21298117\/\" class=\"wk26-ticket-btn\" target=\"_blank\" rel=\"noopener\">Buy tickets<\/a><br \/><span style=\"font-size: 10pt;\">Seeb\u00fchne Lunz am See<\/span><br \/><\/span><\/p>\t\t\t\t\t\t<\/div>\n\t\t\t\t<\/div>\n\t\t\t\t<div class=\"elementor-element elementor-element-c3b9fe4 elementor-widget elementor-widget-text-editor\" data-id=\"c3b9fe4\" data-element_type=\"widget\" data-widget_type=\"text-editor.default\">\n\t\t\t\t<div class=\"elementor-widget-container\">\n\t\t\t\t\t\t\t<span style=\"font-family: garaline-italic;\">Fri, 24.07.2026<\/span>\t\t\t\t\t\t<\/div>\n\t\t\t\t<\/div>\n\t\t\t\t<div class=\"elementor-element elementor-element-9c9c042 elementor-widget elementor-widget-text-editor\" data-id=\"9c9c042\" data-element_type=\"widget\" data-widget_type=\"text-editor.default\">\n\t\t\t\t<div class=\"elementor-widget-container\">\n\t\t\t\t\t\t\t<p><span style=\"font-family: radikal-light;\"><strong><span style=\"font-family: radikal-bold;\"><span style=\"font-family: radikal-light;\">Evening Concert<\/span> <\/span><\/strong>\/\/ 7.30 pm<br \/><a href=\"https:\/\/wellenklaenge.at\/kuenstlerinnen-2026\/esrap-formenti\/\">EsRAP &amp; Marino Formenti<\/a><br \/><span style=\"font-family: radikal-light; font-size: 10pt;\">Seeb\u00fche Lunz am See<\/span><br \/><\/span><\/p>\t\t\t\t\t\t<\/div>\n\t\t\t\t<\/div>\n\t\t\t\t<div class=\"elementor-element elementor-element-6970fd9 elementor-widget elementor-widget-text-editor\" data-id=\"6970fd9\" data-element_type=\"widget\" data-widget_type=\"text-editor.default\">\n\t\t\t\t<div class=\"elementor-widget-container\">\n\t\t\t\t\t\t\t<p><span style=\"font-family: radikal-light;\"><strong>Opening Light Installation<\/strong> \/\/ 9.30 pm<br \/><\/span><\/p><p><span style=\"font-family: radikal-light;\"><a href=\"https:\/\/wellenklaenge.at\/kuenstlerinnen-2026\/tahereh-nourani\">Tahereh Nourani<\/a> &amp; Studierende der Kunstuniversit\u00e4t Linz \u2013 Institut f\u00fcr Medien \/ Visuelle Kommunikation, begleitet von Katharina Mayrhofer und Tina Frank<\/span><\/p><p><span style=\"font-family: radikal-light; font-size: 10pt;\">Lunzer Saal<\/span><\/p>\t\t\t\t\t\t<\/div>\n\t\t\t\t<\/div>\n\t\t\t\t<div class=\"elementor-element elementor-element-e63c95c elementor-widget elementor-widget-text-editor\" data-id=\"e63c95c\" data-element_type=\"widget\" data-widget_type=\"text-editor.default\">\n\t\t\t\t<div class=\"elementor-widget-container\">\n\t\t\t\t\t\t\t<p><span style=\"font-family: radikal-light;\"><strong>DJ-Set\u00a0<\/strong>\/\/ 10.00 pm<br \/><\/span><\/p>\t\t\t\t\t\t<\/div>\n\t\t\t\t<\/div>\n\t\t\t\t<div class=\"elementor-element elementor-element-a906224 elementor-widget elementor-widget-text-editor\" data-id=\"a906224\" data-element_type=\"widget\" data-widget_type=\"text-editor.default\">\n\t\t\t\t<div class=\"elementor-widget-container\">\n\t\t\t\t\t\t\t<p><a href=\"https:\/\/wellenklaenge.at\/kuenstlerinnen-2026\/dj-king\"><span style=\"font-family: radikal-light;\">DJ King<\/span><\/a><br \/><span style=\"font-family: radikal-light; font-size: 10pt;\">Lunzer Saal<br \/><\/span><\/p><p><span style=\"font-family: radikal-light;\"><a href=\"https:\/\/www.oeticket.com\/noapp\/event\/wellenklaenge-2026-abendveranstaltung-esrap-marino-formenti-dj-king-seebuehne-21298960\/\" class=\"wk26-ticket-btn\" target=\"_blank\" rel=\"noopener\">Buy tickets<\/a><\/span><\/p>\t\t\t\t\t\t<\/div>\n\t\t\t\t<\/div>\n\t\t\t\t<div class=\"elementor-element elementor-element-d726a67 elementor-widget elementor-widget-text-editor\" data-id=\"d726a67\" data-element_type=\"widget\" data-widget_type=\"text-editor.default\">\n\t\t\t\t<div class=\"elementor-widget-container\">\n\t\t\t\t\t\t\t<span style=\"font-family: garaline-italic;\">Sat, 25.07.2026<\/span>\t\t\t\t\t\t<\/div>\n\t\t\t\t<\/div>\n\t\t\t\t<div class=\"elementor-element elementor-element-c820fca elementor-widget elementor-widget-text-editor\" data-id=\"c820fca\" data-element_type=\"widget\" data-widget_type=\"text-editor.default\">\n\t\t\t\t<div class=\"elementor-widget-container\">\n\t\t\t\t\t\t\t<p><span style=\"font-family: radikal-light;\"><strong>Final concert<\/strong> \/\/ 19:30<\/span><br \/><span style=\"font-family: radikal-light;\">Augen auf und durch!<\/span><br \/><a href=\"https:\/\/wellenklaenge.at\/kuenstlerinnen-2026\/yasmo\/\"><span style=\"font-family: radikal-light;\">Yasmo <\/span><\/a><a href=\"https:\/\/wellenklaenge.at\/kuenstlerinnen-2026\/yasmo\/\">&amp; die Klangkantine<\/a><span style=\"font-family: radikal-light;\"><br \/><\/span><\/p>\t\t\t\t\t\t<\/div>\n\t\t\t\t<\/div>\n\t\t\t\t<div class=\"elementor-element elementor-element-937829d elementor-widget elementor-widget-button\" data-id=\"937829d\" data-element_type=\"widget\" data-widget_type=\"button.default\">\n\t\t\t\t<div class=\"elementor-widget-container\">\n\t\t\t\t\t<div class=\"elementor-button-wrapper\">\n\t\t\t<a href=\"http:\/\/www.oeticket.com\/noapp\/event\/wellenklaenge-2026-abschlusskonzert-yasmo-die-klangkantine-augen-auf-und-durch-seebuehne-21299034\/\" class=\"elementor-button-link elementor-button elementor-size-sm\" role=\"button\">\n\t\t\t\t\t\t<span class=\"elementor-button-content-wrapper\">\n\t\t\t\t\t\t<span class=\"elementor-button-text\">Buy tickets<\/span>\n\t\t<\/span>\n\t\t\t\t\t<\/a>\n\t\t<\/div>\n\t\t\t\t<\/div>\n\t\t\t\t<\/div>\n\t\t\t\t<div class=\"elementor-element elementor-element-cdc53bd elementor-widget elementor-widget-text-editor\" data-id=\"cdc53bd\" data-element_type=\"widget\" data-widget_type=\"text-editor.default\">\n\t\t\t\t<div class=\"elementor-widget-container\">\n\t\t\t\t\t\t\t<p><span style=\"font-family: radikal-light;\"><span style=\"font-size: 10pt;\">Seeb\u00fchne Lunz am See<\/span><\/span><\/p>\t\t\t\t\t\t<\/div>\n\t\t\t\t<\/div>\n\t\t\t\t<div class=\"elementor-element elementor-element-ccba831 elementor-widget elementor-widget-image\" data-id=\"ccba831\" data-element_type=\"widget\" data-widget_type=\"image.default\">\n\t\t\t\t<div class=\"elementor-widget-container\">\n\t\t\t\t\t\t\t\t\t\t\t\t\t\t\t\t<a href=\"http:\/\/www.oeticket.com\/noapp\/event\/wellenklaenge-2026-3-tagespass-23-25-juli-2026-seebuehne-21311260\/\" target=\"_blank\">\n\t\t\t\t\t\t\t<img decoding=\"async\" width=\"222\" height=\"222\" src=\"https:\/\/wellenklaenge.at\/wp-content\/uploads\/2026\/03\/Woche3.jpg\" class=\"attachment-large size-large wp-image-16856\" alt=\"\" srcset=\"https:\/\/wellenklaenge.at\/wp-content\/uploads\/2026\/03\/Woche3.jpg 222w, https:\/\/wellenklaenge.at\/wp-content\/uploads\/2026\/03\/Woche3-150x150.jpg 150w, https:\/\/wellenklaenge.at\/wp-content\/uploads\/2026\/03\/Woche3-12x12.jpg 12w, https:\/\/wellenklaenge.at\/wp-content\/uploads\/2026\/03\/Woche3-100x100.jpg 100w\" sizes=\"(max-width: 222px) 100vw, 222px\" \/>\t\t\t\t\t\t\t\t<\/a>\n\t\t\t\t\t\t\t\t\t\t\t\t\t\t\t<\/div>\n\t\t\t\t<\/div>\n\t\t\t\t\t<\/div>\n\t\t<\/div>\n\t\t\t\t\t\t\t<\/div>\n\t\t<\/section>\n\t\t\t\t<section class=\"elementor-section elementor-top-section elementor-element elementor-element-94ba9e3 elementor-section-full_width elementor-section-height-default elementor-section-height-default parallax_section_no qode_elementor_container_no qode-content-aligment-left\" data-id=\"94ba9e3\" data-element_type=\"section\" data-settings=\"{&quot;background_background&quot;:&quot;classic&quot;}\">\n\t\t\t\t\t\t<div class=\"elementor-container elementor-column-gap-default\">\n\t\t\t\t\t<div class=\"elementor-column elementor-col-100 elementor-top-column elementor-element elementor-element-f7b9001\" data-id=\"f7b9001\" data-element_type=\"column\" data-settings=\"{&quot;background_background&quot;:&quot;classic&quot;,&quot;background_motion_fx_motion_fx_scrolling&quot;:&quot;yes&quot;,&quot;background_motion_fx_translateY_effect&quot;:&quot;yes&quot;,&quot;background_motion_fx_translateY_speed&quot;:{&quot;unit&quot;:&quot;px&quot;,&quot;size&quot;:4,&quot;sizes&quot;:[]},&quot;background_motion_fx_translateY_affectedRange&quot;:{&quot;unit&quot;:&quot;%&quot;,&quot;size&quot;:&quot;&quot;,&quot;sizes&quot;:{&quot;start&quot;:0,&quot;end&quot;:100}},&quot;background_motion_fx_devices&quot;:[&quot;desktop&quot;,&quot;tablet&quot;,&quot;mobile&quot;]}\">\n\t\t\t<div class=\"elementor-widget-wrap elementor-element-populated\">\n\t\t\t\t\t\t\t\t<section class=\"elementor-section elementor-inner-section elementor-element elementor-element-4466f3a qode_elementor_container_inner elementor-section-boxed elementor-section-height-default elementor-section-height-default parallax_section_no qode-content-aligment-left\" data-id=\"4466f3a\" data-element_type=\"section\">\n\t\t\t\t\t\t<div class=\"elementor-container elementor-column-gap-default\">\n\t\t\t\t\t<div class=\"elementor-column elementor-col-100 elementor-inner-column elementor-element elementor-element-41d442c\" data-id=\"41d442c\" data-element_type=\"column\">\n\t\t\t<div class=\"elementor-widget-wrap elementor-element-populated\">\n\t\t\t\t\t\t\t\t<div class=\"elementor-element elementor-element-acc2f13 elementor-widget elementor-widget-heading\" data-id=\"acc2f13\" data-element_type=\"widget\" data-widget_type=\"heading.default\">\n\t\t\t\t<div class=\"elementor-widget-container\">\n\t\t\t<h2 class=\"elementor-heading-title elementor-size-default\">BUY TICKETS<\/h2>\t\t<\/div>\n\t\t\t\t<\/div>\n\t\t\t\t<div class=\"elementor-element elementor-element-275e6cb elementor-align-center elementor-widget elementor-widget-button\" data-id=\"275e6cb\" data-element_type=\"widget\" data-widget_type=\"button.default\">\n\t\t\t\t<div class=\"elementor-widget-container\">\n\t\t\t\t\t<div class=\"elementor-button-wrapper\">\n\t\t\t<a href=\"https:\/\/www.oeticket.com\/artist\/wellenklaenge\/\" class=\"elementor-button-link elementor-button elementor-size-md\" role=\"button\">\n\t\t\t\t\t\t<span class=\"elementor-button-content-wrapper\">\n\t\t\t\t\t\t<span class=\"elementor-button-text\">ticketshop<\/span>\n\t\t<\/span>\n\t\t\t\t\t<\/a>\n\t\t<\/div>\n\t\t\t\t<\/div>\n\t\t\t\t<\/div>\n\t\t\t\t\t<\/div>\n\t\t<\/div>\n\t\t\t\t\t\t\t<\/div>\n\t\t<\/section>\n\t\t\t\t\t<\/div>\n\t\t<\/div>\n\t\t\t\t\t\t\t<\/div>\n\t\t<\/section>\n\t\t\t\t\t\t\t<\/div>","protected":false},"excerpt":{"rendered":"<p>Empathie &#038; Widerstand 10.07.\u201425.07.2026 Programm 2026 Wochenende 01 \/\/ &amp; Teresa Pr\u00e4auer Restkarten an der Abendkasse \/\/ \/\/ , Judith Fliedl &amp;Elena Arbonies Jauregui \/\/ Wochenende 02 \/\/ \/\/ \/\/ , Noura Maan \/\/ \/\/ folta, Die Goas \/\/ Klang.BadFreie Spende! \/\/ \/\/ Freie Spende!&#8230;<\/p>","protected":false},"author":1,"featured_media":0,"parent":0,"menu_order":0,"comment_status":"closed","ping_status":"closed","template":"full_width.php","meta":{"inline_featured_image":false,"footnotes":""},"folder":[64],"class_list":["post-16414","page","type-page","status-publish","hentry"],"yoast_head":"<!-- This site is optimized with the Yoast SEO plugin v20.1 - https:\/\/yoast.com\/wordpress\/plugins\/seo\/ -->\n<title>Programm-2026 - wellenklaenge<\/title>\n<meta name=\"robots\" content=\"index, follow, max-snippet:-1, max-image-preview:large, max-video-preview:-1\" \/>\n<link rel=\"canonical\" href=\"https:\/\/wellenklaenge.at\/en\/programm-2026\/\" \/>\n<meta property=\"og:locale\" content=\"en_GB\" \/>\n<meta property=\"og:type\" content=\"article\" \/>\n<meta property=\"og:title\" content=\"Programm-2026 - wellenklaenge\" \/>\n<meta property=\"og:description\" content=\"Empathie &#038; Widerstand 10.07.\u201425.07.2026 Programm 2026 Wochenende 01 \/\/ &amp; Teresa Pr\u00e4auer Restkarten an der Abendkasse \/\/ \/\/ , Judith Fliedl &amp;Elena Arbonies Jauregui \/\/ Wochenende 02 \/\/ \/\/ \/\/ , Noura Maan \/\/ \/\/ folta, Die Goas \/\/ Klang.BadFreie Spende! \/\/ \/\/ Freie Spende!...\" \/>\n<meta property=\"og:url\" content=\"https:\/\/wellenklaenge.at\/en\/programm-2026\/\" \/>\n<meta property=\"og:site_name\" content=\"wellenklaenge\" \/>\n<meta property=\"article:modified_time\" content=\"2026-04-22T12:27:18+00:00\" \/>\n<meta property=\"og:image\" content=\"https:\/\/wellenklaenge.at\/wp-content\/uploads\/2022\/02\/Wkl-wellen-weiss.svg\" \/>\n<meta name=\"twitter:card\" content=\"summary_large_image\" \/>\n<meta name=\"twitter:label1\" content=\"Estimated reading time\" \/>\n\t<meta name=\"twitter:data1\" content=\"3 minutes\" \/>\n<script type=\"application\/ld+json\" class=\"yoast-schema-graph\">{\"@context\":\"https:\/\/schema.org\",\"@graph\":[{\"@type\":\"WebPage\",\"@id\":\"https:\/\/wellenklaenge.at\/programm-2026\/\",\"url\":\"https:\/\/wellenklaenge.at\/programm-2026\/\",\"name\":\"Programm-2026 - wellenklaenge\",\"isPartOf\":{\"@id\":\"https:\/\/wellenklaenge.at\/#website\"},\"datePublished\":\"2026-02-20T14:38:33+00:00\",\"dateModified\":\"2026-04-22T12:27:18+00:00\",\"breadcrumb\":{\"@id\":\"https:\/\/wellenklaenge.at\/programm-2026\/#breadcrumb\"},\"inLanguage\":\"en-GB\",\"potentialAction\":[{\"@type\":\"ReadAction\",\"target\":[\"https:\/\/wellenklaenge.at\/programm-2026\/\"]}]},{\"@type\":\"BreadcrumbList\",\"@id\":\"https:\/\/wellenklaenge.at\/programm-2026\/#breadcrumb\",\"itemListElement\":[{\"@type\":\"ListItem\",\"position\":1,\"name\":\"Startseite\",\"item\":\"https:\/\/wellenklaenge.at\/\"},{\"@type\":\"ListItem\",\"position\":2,\"name\":\"Programm-2026\"}]},{\"@type\":\"WebSite\",\"@id\":\"https:\/\/wellenklaenge.at\/#website\",\"url\":\"https:\/\/wellenklaenge.at\/\",\"name\":\"wellenklaenge\",\"description\":\"Festival f\u00fcr zeitgen\u00f6ssische Str\u00f6mungen\",\"potentialAction\":[{\"@type\":\"SearchAction\",\"target\":{\"@type\":\"EntryPoint\",\"urlTemplate\":\"https:\/\/wellenklaenge.at\/?s={search_term_string}\"},\"query-input\":\"required name=search_term_string\"}],\"inLanguage\":\"en-GB\"}]}<\/script>\n<!-- \/ Yoast SEO plugin. -->","yoast_head_json":{"title":"Programm-2026 - wellenklaenge","robots":{"index":"index","follow":"follow","max-snippet":"max-snippet:-1","max-image-preview":"max-image-preview:large","max-video-preview":"max-video-preview:-1"},"canonical":"https:\/\/wellenklaenge.at\/en\/programm-2026\/","og_locale":"en_GB","og_type":"article","og_title":"Programm-2026 - wellenklaenge","og_description":"Empathie &#038; Widerstand 10.07.\u201425.07.2026 Programm 2026 Wochenende 01 \/\/ &amp; Teresa Pr\u00e4auer Restkarten an der Abendkasse \/\/ \/\/ , Judith Fliedl &amp;Elena Arbonies Jauregui \/\/ Wochenende 02 \/\/ \/\/ \/\/ , Noura Maan \/\/ \/\/ folta, Die Goas \/\/ Klang.BadFreie Spende! \/\/ \/\/ Freie Spende!...","og_url":"https:\/\/wellenklaenge.at\/en\/programm-2026\/","og_site_name":"wellenklaenge","article_modified_time":"2026-04-22T12:27:18+00:00","og_image":[{"url":"https:\/\/wellenklaenge.at\/wp-content\/uploads\/2022\/02\/Wkl-wellen-weiss.svg"}],"twitter_card":"summary_large_image","twitter_misc":{"Estimated reading time":"3 minutes"},"schema":{"@context":"https:\/\/schema.org","@graph":[{"@type":"WebPage","@id":"https:\/\/wellenklaenge.at\/programm-2026\/","url":"https:\/\/wellenklaenge.at\/programm-2026\/","name":"Programm-2026 - wellenklaenge","isPartOf":{"@id":"https:\/\/wellenklaenge.at\/#website"},"datePublished":"2026-02-20T14:38:33+00:00","dateModified":"2026-04-22T12:27:18+00:00","breadcrumb":{"@id":"https:\/\/wellenklaenge.at\/programm-2026\/#breadcrumb"},"inLanguage":"en-GB","potentialAction":[{"@type":"ReadAction","target":["https:\/\/wellenklaenge.at\/programm-2026\/"]}]},{"@type":"BreadcrumbList","@id":"https:\/\/wellenklaenge.at\/programm-2026\/#breadcrumb","itemListElement":[{"@type":"ListItem","position":1,"name":"Startseite","item":"https:\/\/wellenklaenge.at\/"},{"@type":"ListItem","position":2,"name":"Programm-2026"}]},{"@type":"WebSite","@id":"https:\/\/wellenklaenge.at\/#website","url":"https:\/\/wellenklaenge.at\/","name":"wellenklaenge","description":"Festival f\u00fcr zeitgen\u00f6ssische Str\u00f6mungen","potentialAction":[{"@type":"SearchAction","target":{"@type":"EntryPoint","urlTemplate":"https:\/\/wellenklaenge.at\/?s={search_term_string}"},"query-input":"required name=search_term_string"}],"inLanguage":"en-GB"}]}},"_links":{"self":[{"href":"https:\/\/wellenklaenge.at\/en\/wp-json\/wp\/v2\/pages\/16414","targetHints":{"allow":["GET"]}}],"collection":[{"href":"https:\/\/wellenklaenge.at\/en\/wp-json\/wp\/v2\/pages"}],"about":[{"href":"https:\/\/wellenklaenge.at\/en\/wp-json\/wp\/v2\/types\/page"}],"author":[{"embeddable":true,"href":"https:\/\/wellenklaenge.at\/en\/wp-json\/wp\/v2\/users\/1"}],"replies":[{"embeddable":true,"href":"https:\/\/wellenklaenge.at\/en\/wp-json\/wp\/v2\/comments?post=16414"}],"version-history":[{"count":10,"href":"https:\/\/wellenklaenge.at\/en\/wp-json\/wp\/v2\/pages\/16414\/revisions"}],"predecessor-version":[{"id":17653,"href":"https:\/\/wellenklaenge.at\/en\/wp-json\/wp\/v2\/pages\/16414\/revisions\/17653"}],"wp:attachment":[{"href":"https:\/\/wellenklaenge.at\/en\/wp-json\/wp\/v2\/media?parent=16414"}],"wp:term":[{"taxonomy":"folder","embeddable":true,"href":"https:\/\/wellenklaenge.at\/en\/wp-json\/wp\/v2\/folder?post=16414"}],"curies":[{"name":"wp","href":"https:\/\/api.w.org\/{rel}","templated":true}]}}